{"id":4337,"date":"2019-02-25T13:49:56","date_gmt":"2019-02-25T12:49:56","guid":{"rendered":"https:\/\/elkarhezi.eus\/oferta-academica\/educacion-infantil\/"},"modified":"2019-12-19T10:21:57","modified_gmt":"2019-12-19T09:21:57","slug":"educacion-infantil","status":"publish","type":"page","link":"https:\/\/elkarhezi.eus\/es\/oferta-academica\/educacion-infantil\/","title":{"rendered":"Educaci\u00f3n Infantil"},"content":{"rendered":"<p><div class=\"et_d4_element et_pb_section et_pb_section_0 hh  et_pb_css_mix_blend_mode et_section_regular et_block_section\" >\n\t\t\t\t\n\t\t\t\t\n\t\t\t\t\n\t\t\t\t\n\t\t\t\t\n\t\t\t\t\n\t\t\t\t<div class=\"et_d4_element et_pb_row et_pb_row_0  et_pb_css_mix_blend_mode et_block_row\">\n\t\t\t\t<div class=\"et_d4_element et_pb_column_1_2 et_pb_column et_pb_column_0  et_pb_css_mix_blend_mode et_block_column\">\n\t\t\t\t\n\t\t\t\t\n\t\t\t\t\n\t\t\t\t\n\t\t\t\t<div class=\"et_pb_module et_d4_element et_pb_text et_pb_text_0  et_pb_text_align_left et_pb_bg_layout_light\">\n\t\t\t\t\n\t\t\t\t\n\t\t\t\t\n\t\t\t\t\n\t\t\t\t<div class=\"et_pb_text_inner\"><p style=\"text-align: justify;\"><span style=\"font-weight: 400;\">Nuestro objetivo principal en esta etapa es ayudar a todo el alumnado a conseguir un desarrollo integral y equilibrado. Les ofrecemos oportunidades a nuestros ni\u00f1os\/ni\u00f1as para que lleven al m\u00e1ximo todas sus potencialidades, siempre garantizando su bienestar y sus derechos. De esta manera, en estrecha colaboraci\u00f3n con las familias,estimulamos a los alumnos\/alumnas para que desarrollen las competencias b\u00e1sicas. <\/span><\/p><\/div>\n\t\t\t<\/div>\n\t\t\t<\/div><div class=\"et_d4_element et_pb_column_1_2 et_pb_column et_pb_column_1  et_pb_css_mix_blend_mode et-last-child et_block_column\">\n\t\t\t\t\n\t\t\t\t\n\t\t\t\t\n\t\t\t\t\n\t\t\t\t<div class=\"et_pb_with_border et_pb_module et_d4_element et_pb_image et_pb_image_0\">\n\t\t\t\t\n\t\t\t\t\n\t\t\t\t\n\t\t\t\t\n\t\t\t\t<span class=\"et_pb_image_wrap \"><img loading=\"lazy\" decoding=\"async\" width=\"1900\" height=\"950\" src=\"https:\/\/elkarhezi.eus\/wp-content\/uploads\/2018\/08\/Fondo_ElkarHezi3_detalle-1.jpg\" alt=\"\" title=\"\" srcset=\"https:\/\/elkarhezi.eus\/wp-content\/uploads\/2018\/08\/Fondo_ElkarHezi3_detalle-1.jpg 1900w, https:\/\/elkarhezi.eus\/wp-content\/uploads\/2018\/08\/Fondo_ElkarHezi3_detalle-1-300x150.jpg 300w, https:\/\/elkarhezi.eus\/wp-content\/uploads\/2018\/08\/Fondo_ElkarHezi3_detalle-1-768x384.jpg 768w, https:\/\/elkarhezi.eus\/wp-content\/uploads\/2018\/08\/Fondo_ElkarHezi3_detalle-1-1024x512.jpg 1024w, https:\/\/elkarhezi.eus\/wp-content\/uploads\/2018\/08\/Fondo_ElkarHezi3_detalle-1-1080x540.jpg 1080w\" sizes=\"(max-width: 1900px) 100vw, 1900px\" class=\"wp-image-2637\" \/><\/span>\n\t\t\t<\/div>\n\t\t\t<\/div>\n\t\t\t\t\n\t\t\t\t\n\t\t\t\t\n\t\t\t\t\n\t\t\t<\/div><div class=\"et_d4_element et_pb_row et_pb_row_1  et_pb_css_mix_blend_mode et_block_row\">\n\t\t\t\t<div class=\"et_d4_element et_pb_column_1_2 et_pb_column et_pb_column_2  et_pb_css_mix_blend_mode et_block_column\">\n\t\t\t\t\n\t\t\t\t\n\t\t\t\t\n\t\t\t\t\n\t\t\t\t<div class=\"et_pb_module et_d4_element et_pb_text et_pb_text_1  et_pb_text_align_left et_pb_bg_layout_light\">\n\t\t\t\t\n\t\t\t\t\n\t\t\t\t\n\t\t\t\t\n\t\t\t\t<div class=\"et_pb_text_inner\"><h2>PRIMER CICLO, ESCUELA INFANTIL.<\/h2>\n<p style=\"text-align: justify;\"><span style=\"font-weight: 400;\">Dirigido al alumnado de 0 a 2 a\u00f1os.<\/span><\/p>\n<p style=\"text-align: justify;\">Tenemos como objetivo ofrecer atenci\u00f3n, cuidado y educaci\u00f3n a los ni\u00f1os y las ni\u00f1as en un ambiente agradable y seguro. Dise\u00f1amos la adaptaci\u00f3n de cada alumna y alumno teniendo en cuenta el ritmo de cada cual y las necesidades de las familias. Fomentamos una relaci\u00f3n continua y basada en la confianza entre la familia y la escuela.<\/p><\/div>\n\t\t\t<\/div>\n\t\t\t<\/div><div class=\"et_d4_element et_pb_column_1_2 et_pb_column et_pb_column_3  et_pb_css_mix_blend_mode et-last-child et_block_column\">\n\t\t\t\t\n\t\t\t\t\n\t\t\t\t\n\t\t\t\t\n\t\t\t\t<div class=\"et_pb_module et_d4_element et_pb_text et_pb_text_2  et_pb_text_align_left et_pb_bg_layout_light\">\n\t\t\t\t\n\t\t\t\t\n\t\t\t\t\n\t\t\t\t\n\t\t\t\t<div class=\"et_pb_text_inner\"><h2>\u00bfC\u00d3MO?<\/h2>\n<ul>\n<li>Aprendiendo euskara y en euskara: lengua del centro,\u201dBularretik mintzora\u201d...<\/li>\n<li>Trabajando la autonom\u00eda.<\/li>\n<li>Desarrollando la autonom\u00eda, el conocimiento personal, socializaci\u00f3n mediante la psicomotricidad.<\/li>\n<li>Desarrollando adecuadamente el sistema neurol\u00f3gico. Pasando bits enciclop\u00e9dicos, y ofreciendo oportunidades de movilidad, equilibrio y destreza manual.\u201dEstimulaci\u00f3n temprana\u201d<\/li>\n<li>Aprendiendo a trav\u00e9s de la experimentaci\u00f3n y el juego; conociendo nuestro cuerpo y el entorno.<\/li>\n<li>Aprendiendo a relacionarnos de manera adecuada con los dem\u00e1s y con el entorno.\u201d 0 violencia desde los 0 a\u00f1os\u201d<\/li>\n<\/ul><\/div>\n\t\t\t<\/div>\n\t\t\t<\/div>\n\t\t\t\t\n\t\t\t\t\n\t\t\t\t\n\t\t\t\t\n\t\t\t<\/div><div class=\"et_d4_element et_pb_row et_pb_row_2  et_pb_css_mix_blend_mode et_block_row\">\n\t\t\t\t<div class=\"et_d4_element et_pb_column_1_2 et_pb_column et_pb_column_4  et_pb_css_mix_blend_mode et_block_column\">\n\t\t\t\t\n\t\t\t\t\n\t\t\t\t\n\t\t\t\t\n\t\t\t\t<div class=\"et_pb_module et_d4_element et_pb_text et_pb_text_3  et_pb_text_align_left et_pb_bg_layout_light\">\n\t\t\t\t\n\t\t\t\t\n\t\t\t\t\n\t\t\t\t\n\t\t\t\t<div class=\"et_pb_text_inner\"><h2>SEGUNDO CICLO<\/h2>\n<p style=\"text-align: justify;\">Dirigido al alumnado de 3 a 6 a\u00f1os.<\/p>\n<p style=\"text-align: justify;\">El segundo ciclo de Educaci\u00f3n Infantil contin\u00faa en la misma l\u00ednea pedag\u00f3gica que la escuela infantil. Ayudamos a desarrollar la autonom\u00eda personal de cada alumno\/alumna ofreci\u00e9ndole experiencias correspondientes a su etapa evolutiva, siempre dentro de un marco de libertad<\/p><\/div>\n\t\t\t<\/div>\n\t\t\t<\/div><div class=\"et_d4_element et_pb_column_1_2 et_pb_column et_pb_column_5  et_pb_css_mix_blend_mode et-last-child et_block_column\">\n\t\t\t\t\n\t\t\t\t\n\t\t\t\t\n\t\t\t\t\n\t\t\t\t<div class=\"et_pb_module et_d4_element et_pb_text et_pb_text_4  et_pb_text_align_left et_pb_bg_layout_light\">\n\t\t\t\t\n\t\t\t\t\n\t\t\t\t\n\t\t\t\t\n\t\t\t\t<div class=\"et_pb_text_inner\"><h2>\u00bfC\u00d3MO?<\/h2>\n<ul>\n<li>Aprendiendo euskara y en euskara:lengua del centro,\u201dBularretik mintzora\u201d...<\/li>\n<li>Trabajando la autonom\u00eda.<\/li>\n<li>Desarrollando la autonom\u00eda, el conocimiento personal, socializaci\u00f3n mediante la psicomotricidad.<\/li>\n<li>Desarrollando adecuadamente el sistema neurol\u00f3gico. Pasando bits enciclop\u00e9dicos, y ofreciendo oportunidades de movilidad, equilibrio y destreza manual.\u201dEstimulacion temprana\u201d<\/li>\n<li>Circulando libremente. Interacciones entre individuos de distintas edades y coeducaci\u00f3n.<\/li>\n<li>Aprendiendo a trav\u00e9s de la experimentaci\u00f3n y el juego; conociendo nuestro cuerpo y el entorno.<\/li>\n<li>Desarrollando distintas competencias a trav\u00e9s del huerto escolar.<\/li>\n<li>Conociendo nuestro patrimonio e identidad cultural. Salidas para conocer O\u00f1ati.<\/li>\n<li>Aprendiendo a relacionarnos de manera adecuada con los dem\u00e1s y con el entorno.\u201d 0 violencia desde los 0 a\u00f1os\u201d<\/li>\n<li>Aprendiendo mediante proyectos.<\/li>\n<li>Aprendiendo a reconocer y compartir nuestras emociones mediante la m\u00fasica.<\/li>\n<li>Dando los primeros pasos en ingl\u00e9s.<\/li>\n<li>Acostumbr\u00e1ndonos a compartir nuestras experiencias, preocupaciones\u2026 mediante tertulias literarias.<\/li>\n<li>Aprendiendo con los dem\u00e1s mediante grupos interactivos.<\/li>\n<li>Participando en el &nbsp;proyecto Agenda 21.<\/li>\n<\/ul><\/div>\n\t\t\t<\/div>\n\t\t\t<\/div>\n\t\t\t\t\n\t\t\t\t\n\t\t\t\t\n\t\t\t\t\n\t\t\t<\/div><div class=\"et_d4_element et_pb_row et_pb_row_3  et_pb_css_mix_blend_mode et_block_row\">\n\t\t\t\t<div class=\"et_d4_element et_pb_column_4_4 et_pb_column et_pb_column_6  et_pb_css_mix_blend_mode et-last-child et_block_column\">\n\t\t\t\t\n\t\t\t\t\n\t\t\t\t\n\t\t\t\t\n\t\t\t\t<div class=\"et_pb_module et_d4_element et_pb_text et_pb_text_5  et_pb_text_align_left et_pb_bg_layout_light\">\n\t\t\t\t\n\t\t\t\t\n\t\t\t\t\n\t\t\t\t\n\t\t\t\t<div class=\"et_pb_text_inner\"><h2 style=\"text-align: center;\">PROYECTOS<\/h2><\/div>\n\t\t\t<\/div><div class=\"et_pb_module et_d4_element et_pb_accordion et_pb_accordion_0\">\n\t\t\t\t\n\t\t\t\t\n\t\t\t\t\n\t\t\t\t\n\t\t\t\t<div class=\"et_pb_toggle et_pb_module et_d4_element et_pb_accordion_item et_pb_accordion_item_0  et_pb_toggle_open\">\n\t\t\t\t\n\t\t\t\t\n\t\t\t\t\n\t\t\t\t\n\t\t\t\t<h5 class=\"et_pb_toggle_title\">0 Violencia desde 0 A\u00f1os<\/h5>\n\t\t\t\t<div class=\"et_pb_toggle_content clearfix\"><p style=\"text-align: justify;\">Dentro de los objetivos pedag\u00f3gicos del centro, trabajamos la violencia 0 desde los 0 a\u00f1os y la prevenci\u00f3n de la violencia de g\u00e9nero.<\/p>\n<p style=\"text-align: justify;\">En nuestro d\u00eda a d\u00eda, utilizamos como herramienta el modelo dial\u00f3gico para la prevenci\u00f3n y resoluci\u00f3n de conflictos.<\/p>\n<p style=\"text-align: justify;\">Mediante asambleas y di\u00e1logos participativos entre iguales trabajamos actitudes de colaboraci\u00f3n y mejora de la convivencia.<\/p>\n<p style=\"text-align: justify;\">Por lo tanto, al apostar por el cambio social, creemos en contextos basados en el respeto y libres de violencia.<\/p><\/div>\n\t\t\t<\/div><div class=\"et_pb_toggle et_pb_module et_d4_element et_pb_accordion_item et_pb_accordion_item_1  et_pb_toggle_close\">\n\t\t\t\t\n\t\t\t\t\n\t\t\t\t\n\t\t\t\t\n\t\t\t\t<h5 class=\"et_pb_toggle_title\">Mindfulness<\/h5>\n\t\t\t\t<div class=\"et_pb_toggle_content clearfix\"><p style=\"text-align: justify;\">A veces no somos conscientes de que nuestra mente no para, de que no disfrutamos del presente porque sensaciones desagradables del pasado nos limitan, porque juzgamos sin necesidad o porque la incertidumbre del futuro nos agobia. Gracias a la pr\u00e1ctica de Mindfulness conseguiremos trasladar al presente nuestra atenci\u00f3n, con una sola condici\u00f3n, aceptar lo que nos ocurre con una actitud abierta, sin juzgar.<\/p>\n<p style=\"text-align: justify;\">Redirigir la mirada a nuestro interior, m\u00e1s a\u00fan, redescubrir nuestra dimensi\u00f3n interna, cuidarla y trabajarla, quiz\u00e1s hoy en d\u00eda m\u00e1s que nunca, puede llegar a a ser un gran regalo.<\/p>\n<p style=\"text-align: justify;\">Lo practican desde el aula de 3 a\u00f1os hasta 2\u00ba de bachillerato.<\/p><\/div>\n\t\t\t<\/div><div class=\"et_pb_toggle et_pb_module et_d4_element et_pb_accordion_item et_pb_accordion_item_2  et_pb_toggle_close\">\n\t\t\t\t\n\t\t\t\t\n\t\t\t\t\n\t\t\t\t\n\t\t\t\t<h5 class=\"et_pb_toggle_title\">Estimulaci\u00f3n Temprana<\/h5>\n\t\t\t\t<div class=\"et_pb_toggle_content clearfix\"><p style=\"text-align: justify;\">Hoy por hoy, trabajamos el Programa F\u00edsico y los Bits Enciclop\u00e9dicos.<\/p>\n<ul style=\"text-align: justify;\">\n<li>A trav\u00e9s de los Bits Enciclop\u00e9dicos estimulamos el cerebro del alumnado ayud\u00e1ndole a crear conexiones neuronales.<\/li>\n<li>Mediante el programa f\u00edsico se fomenta desarrollar &nbsp;de la misma manera los dos hemisferios del cerebro, trabajar la convergencia ocular, el enfoque, la coordinaci\u00f3n \u00f3culo-manual y la lateralidad. Adem\u00e1s de esto, el programa les ayuda a interiorizar normas, l\u00edmites y valores ayudando as\u00ed al desarrollo psico-social del los ni\u00f1os y ni\u00f1as. Todo esto, lo trabajamos mediante diferentes ejercicios, entre otros, &nbsp;el arrastre y el gateo.<br \/>\nEste programa tambi\u00e9n tiene un car\u00e1cter preventivo, d\u00e1ndonos opci\u00f3n tanto &nbsp;para prevenir dificultades que pueden surgir durante el proceso de aprendizaje como para atenuar las ya existentes. Como por ejemplo,la lateralidad cruzada y la convergencia ocular.<\/li>\n<\/ul><\/div>\n\t\t\t<\/div>\n\t\t\t<\/div>\n\t\t\t<\/div>\n\t\t\t\t\n\t\t\t\t\n\t\t\t\t\n\t\t\t\t\n\t\t\t<\/div>\n\t\t\t\t\n\t\t\t\t\n\t\t\t<\/div><div class=\"et_d4_element et_pb_section et_pb_section_1 oinaurrekoimgtrans  et_pb_css_mix_blend_mode et_section_regular et_block_section\" >\n\t\t\t\t\n\t\t\t\t\n\t\t\t\t\n\t\t\t\t\n\t\t\t\t\n\t\t\t\t\n\t\t\t\t<div class=\"et_d4_element et_pb_row et_pb_row_4 oinaurrekoa et_pb_row_fullwidth et_pb_equal_columns  et_pb_css_mix_blend_mode et_block_row\">\n\t\t\t\t<div class=\"et_d4_element et_pb_column_1_3 et_pb_column et_pb_column_7  et_pb_css_mix_blend_mode et_block_column\">\n\t\t\t\t\n\t\t\t\t\n\t\t\t\t\n\t\t\t\t\n\t\t\t\t<div class=\"et_pb_with_border et_pb_module et_d4_element et_pb_cta_0 oinaurrekoimgtrans et_pb_promo  et_pb_text_align_center et_pb_bg_layout_dark\">\n\t\t\t\t\n\t\t\t\t\n\t\t\t\t\n\t\t\t\t\n\t\t\t\t<div class=\"et_pb_promo_description\"><div><p>\n&nbsp;<\/p>\n<p>&nbsp;<\/p>\n<p>&nbsp;<\/p>\n<p>&nbsp;<\/p>\n<p>&nbsp;<\/p><\/div><\/div>\n\t\t\t\t<div class=\"et_pb_button_wrapper\"><a class=\"et_pb_button et_pb_promo_button\" href=\"https:\/\/elkarhezi.eus\/es\/oferta-academica\/educacion-primaria\/\">EDUCACI\u00d3N PRIMARIA<\/a><\/div>\n\t\t\t<\/div>\n\t\t\t<\/div><div class=\"et_d4_element et_pb_column_1_3 et_pb_column et_pb_column_8  et_pb_css_mix_blend_mode et_block_column\">\n\t\t\t\t\n\t\t\t\t\n\t\t\t\t\n\t\t\t\t\n\t\t\t\t<div class=\"et_pb_with_border et_pb_module et_d4_element et_pb_cta_1 oinaurrekoimgtrans et_pb_promo  et_pb_text_align_center et_pb_bg_layout_dark\">\n\t\t\t\t\n\t\t\t\t\n\t\t\t\t\n\t\t\t\t\n\t\t\t\t<div class=\"et_pb_promo_description\"><div><p>\n&nbsp;<\/p>\n<p>&nbsp;<\/p>\n<p>&nbsp;<\/p>\n<p>&nbsp;<\/p>\n<p>&nbsp;<\/p><\/div><\/div>\n\t\t\t\t<div class=\"et_pb_button_wrapper\"><a class=\"et_pb_button et_pb_promo_button\" href=\"https:\/\/elkarhezi.eus\/es\/oferta-academica\/educacion-secundaria-obligatoria\/\">ESO<\/a><\/div>\n\t\t\t<\/div>\n\t\t\t<\/div><div class=\"et_d4_element et_pb_column_1_3 et_pb_column et_pb_column_9  et_pb_css_mix_blend_mode et-last-child et_block_column\">\n\t\t\t\t\n\t\t\t\t\n\t\t\t\t\n\t\t\t\t\n\t\t\t\t<div class=\"et_pb_with_border et_pb_module et_d4_element et_pb_cta_2 oinaurrekoimgtrans et_pb_promo  et_pb_text_align_center et_pb_bg_layout_dark\">\n\t\t\t\t\n\t\t\t\t\n\t\t\t\t\n\t\t\t\t\n\t\t\t\t<div class=\"et_pb_promo_description\"><div><p>\n&nbsp;<\/p>\n<p>&nbsp;<\/p>\n<p>&nbsp;<\/p>\n<p>&nbsp;<\/p>\n<p>&nbsp;<\/p><\/div><\/div>\n\t\t\t\t<div class=\"et_pb_button_wrapper\"><a class=\"et_pb_button et_pb_promo_button\" href=\"https:\/\/elkarhezi.eus\/es\/oferta-academica\/bachillerato\/\">BACHILLERATO<\/a><\/div>\n\t\t\t<\/div>\n\t\t\t<\/div>\n\t\t\t\t\n\t\t\t\t\n\t\t\t\t\n\t\t\t\t\n\t\t\t<\/div>\n\t\t\t\t\n\t\t\t\t\n\t\t\t<\/div><\/p>\n","protected":false},"excerpt":{"rendered":"","protected":false},"author":1,"featured_media":5350,"parent":4323,"menu_order":0,"comment_status":"closed","ping_status":"closed","template":"template-orokorra-fullwidth.php","meta":{"_et_pb_use_builder":"on","_et_pb_old_content":"","_et_gb_content_width":"","footnotes":""},"class_list":["post-4337","page","type-page","status-publish","has-post-thumbnail","hentry"],"_links":{"self":[{"href":"https:\/\/elkarhezi.eus\/es\/wp-json\/wp\/v2\/pages\/4337","targetHints":{"allow":["GET"]}}],"collection":[{"href":"https:\/\/elkarhezi.eus\/es\/wp-json\/wp\/v2\/pages"}],"about":[{"href":"https:\/\/elkarhezi.eus\/es\/wp-json\/wp\/v2\/types\/page"}],"author":[{"embeddable":true,"href":"https:\/\/elkarhezi.eus\/es\/wp-json\/wp\/v2\/users\/1"}],"replies":[{"embeddable":true,"href":"https:\/\/elkarhezi.eus\/es\/wp-json\/wp\/v2\/comments?post=4337"}],"version-history":[{"count":6,"href":"https:\/\/elkarhezi.eus\/es\/wp-json\/wp\/v2\/pages\/4337\/revisions"}],"predecessor-version":[{"id":4994,"href":"https:\/\/elkarhezi.eus\/es\/wp-json\/wp\/v2\/pages\/4337\/revisions\/4994"}],"up":[{"embeddable":true,"href":"https:\/\/elkarhezi.eus\/es\/wp-json\/wp\/v2\/pages\/4323"}],"wp:featuredmedia":[{"embeddable":true,"href":"https:\/\/elkarhezi.eus\/es\/wp-json\/wp\/v2\/media\/5350"}],"wp:attachment":[{"href":"https:\/\/elkarhezi.eus\/es\/wp-json\/wp\/v2\/media?parent=4337"}],"curies":[{"name":"wp","href":"https:\/\/api.w.org\/{rel}","templated":true}]}}